{"id":171,"date":"2022-02-13T11:26:51","date_gmt":"2022-02-13T10:26:51","guid":{"rendered":"http:\/\/d-mark-industrieservice.com\/?page_id=171"},"modified":"2022-02-14T12:11:52","modified_gmt":"2022-02-14T11:11:52","slug":"datenschutz","status":"publish","type":"page","link":"https:\/\/d-mark-industrieservice.com\/ro\/datenschutz\/","title":{"rendered":"intimitate"},"content":{"rendered":"<div data-elementor-type=\"wp-page\" data-elementor-id=\"171\" class=\"elementor elementor-171\">\n\t\t\t\t\t\t\t\t\t<section class=\"elementor-section elementor-top-section elementor-element elementor-element-235a85e elementor-section-boxed elementor-section-height-default elementor-section-height-default\" data-id=\"235a85e\" data-element_type=\"section\">\n\t\t\t\t\t\t<div class=\"elementor-container elementor-column-gap-default\">\n\t\t\t\t\t<div class=\"elementor-column elementor-col-100 elementor-top-column elementor-element elementor-element-0f39ebf\" data-id=\"0f39ebf\" data-element_type=\"column\">\n\t\t\t<div class=\"elementor-widget-wrap elementor-element-populated\">\n\t\t\t\t\t\t\t\t<div class=\"elementor-element elementor-element-301d0e6 elementor-widget elementor-widget-text-editor\" data-id=\"301d0e6\" data-element_type=\"widget\" data-widget_type=\"text-editor.default\">\n\t\t\t\t<div class=\"elementor-widget-container\">\n\t\t\t<style>\/*! elementor - v3.16.0 - 20-09-2023 *\/\n.elementor-widget-text-editor.elementor-drop-cap-view-stacked .elementor-drop-cap{background-color:#69727d;color:#fff}.elementor-widget-text-editor.elementor-drop-cap-view-framed .elementor-drop-cap{color:#69727d;border:3px solid;background-color:transparent}.elementor-widget-text-editor:not(.elementor-drop-cap-view-default) .elementor-drop-cap{margin-top:8px}.elementor-widget-text-editor:not(.elementor-drop-cap-view-default) .elementor-drop-cap-letter{width:1em;height:1em}.elementor-widget-text-editor .elementor-drop-cap{float:left;text-align:center;line-height:1;font-size:50px}.elementor-widget-text-editor .elementor-drop-cap-letter{display:inline-block}<\/style>\t\t\t\t<div>\n<div>\n<div>\n<div>\n<div>\n<h4>I. Numele \u0219i adresa persoanei responsabile<\/h4>\n<p>Persoana responsabil\u0103 \u00een sensul Regulamentului general privind protec\u021bia datelor \u0219i a altor legi na\u021bionale privind protec\u021bia datelor din statele membre, precum \u0219i a altor reglement\u0103ri privind protec\u021bia datelor este:<\/p>\n<p>D-Mark Industrieservice SRL<\/p>\n<p>Soseau.Fundeni, Nr. 159, Et.8, Ap. 8 A, Sector 2,&nbsp;<\/p>\n<p>Bucuresti, Romania<\/p>\n<p><\/p>\n<p>Tel.: +4073934794<\/p>\n<h4>II. Numele \u0219i adresa responsabilului cu protec\u021bia datelor<\/h4>\n<p>Responsabilul cu protec\u021bia datelor al persoanei responsabile este:<\/p>\n<p>D-Mark Industrieservice SRL<\/p><p>Soseau.Fundeni, Nr. 159, Et.8, Ap. 8 A, Sector 2,&nbsp;<\/p><p>Bucuresti, Romania<\/p><p><\/p><p>Tel.: +4073934794<\/p>\n<p>E-Mail: info@d-mark-industrieservice.com<\/p>\n<h4>III. Informa\u021bii generale despre prelucrarea datelor<\/h4>\n<p><\/p>\n<h6>1. DOMENIUL PRELUCR\u0102RII DATELOR PERSONALE<\/h6>\n<p>\u00cen principiu, proces\u0103m datele personale ale utilizatorilor no\u0219tri numai \u00een m\u0103sura \u00een care acest lucru este necesar pentru a oferi un site web func\u021bional \u0219i con\u021binutul \u0219i serviciile noastre. Prelucrarea datelor cu caracter personal ale utilizatorilor no\u0219tri are loc \u00een mod regulat numai cu acordul utilizatorului. Se aplic\u0103 o excep\u021bie \u00een cazurile \u00een care nu este posibil\u0103 ob\u021binerea consim\u021b\u0103m\u00e2ntului prealabil din motive reale, iar prelucrarea datelor este permis\u0103 de prevederile legale.<\/p>\n<h6>2. TEMEI LEGAL PENTRU PRELUCRAREA DATELOR PERSONALE<\/h6>\n<p>\u00cen m\u0103sura \u00een care ob\u021binem consim\u021b\u0103m\u00e2ntul persoanei vizate pentru prelucrarea datelor cu caracter personal, articolul 6 alineatul (1) litera (a) din Regulamentul general al UE privind protec\u021bia datelor (GDPR) serve\u0219te drept temei legal.<\/p>\n<p>Articolul 6 alineatul (1) litera (b) GDPR serve\u0219te drept baz\u0103 legal\u0103 pentru prelucrarea datelor cu caracter personal necesare pentru \u00eendeplinirea unui contract la care persoana vizat\u0103 este parte. Acest lucru se aplic\u0103 \u0219i opera\u021biunilor de prelucrare care sunt necesare pentru realizarea m\u0103surilor precontractuale.<\/p>\n<p>\u00cen m\u0103sura \u00een care prelucrarea datelor cu caracter personal este necesar\u0103 pentru a \u00eendeplini o obliga\u021bie legal\u0103 c\u0103reia \u00eei este supus\u0103 compania noastr\u0103, articolul 6 alineatul (1) litera (c) GDPR serve\u0219te drept temei legal.<\/p>\n<p>\u00cen cazul \u00een care interesele vitale ale persoanei vizate sau ale unei alte persoane fizice necesit\u0103 prelucrarea datelor cu caracter personal, articolul 6 alineatul 1 lit. d GDPR serve\u0219te drept temei legal.<\/p>\n<p>\u00cen cazul \u00een care prelucrarea este necesar\u0103 pentru a proteja un interes legitim al companiei noastre sau al unui ter\u021b \u0219i dac\u0103 interesele, drepturile fundamentale \u0219i libert\u0103\u021bile fundamentale ale persoanei \u00een cauz\u0103 nu dep\u0103\u0219esc primul interes, articolul 6 alineatul 1 lit. f GDPR serve\u0219te ca temei legal. pentru prelucrare.<\/p>\n<p><\/p>\n<h6>3. \u0218TERGEREA DATELOR \u0218I PERIOADA DE P\u0102STRARE<\/h6>\n<p>Datele personale ale persoanei vizate vor fi \u0219terse sau blocate de \u00eendat\u0103 ce scopul stoc\u0103rii nu se mai aplic\u0103. Depozitarea poate avea loc \u0219i dac\u0103 acest lucru a fost prev\u0103zut de c\u0103tre legiuitorul european sau na\u021bional \u00een reglement\u0103rile UE, legile sau alte reglement\u0103ri c\u0103rora le este supus persoana responsabil\u0103. De asemenea, datele vor fi blocate sau \u0219terse \u00een cazul \u00een care expir\u0103 o perioad\u0103 de stocare prev\u0103zut\u0103 de standardele men\u021bionate, cu excep\u021bia cazului \u00een care este nevoie de o stocare ulterioar\u0103 a datelor pentru \u00eencheierea sau \u00eendeplinirea unui contract.<\/p>\n<p><\/p>\n<h4>IV. Furnizarea site-ului web \u0219i crearea fi\u0219ierelor jurnal<\/h4>\n<p><\/p>\n<h6>1. DESCRIEREA \u0218I SCOPUL PRELUCR\u0102RII DATELOR<\/h6>\n<p>De fiecare dat\u0103 c\u00e2nd site-ul nostru este accesat, sistemul nostru colecteaz\u0103 automat date \u0219i informa\u021bii din sistemul informatic al computerului care acceseaz\u0103.<\/p>\n<p>Urm\u0103toarele date sunt colectate aici:<\/p>\n<p>(1) Informa\u021bii despre tipul de browser \u0219i versiunea utilizat\u0103<\/p>\n<p>(2) Sistemul de operare al utilizatorului<\/p>\n<p>(3) Adresa IP anonimizat\u0103 a utilizatorului&nbsp;&nbsp;&nbsp;<\/p>\n<p>(4) Data \u0219i ora accesului<\/p>\n<p>(5) Site-uri web de pe care sistemul utilizatorului acceseaz\u0103 site-ul nostru web<\/p>\n<p>(6) Site-uri web accesate de sistemul utilizatorului prin intermediul site-ului nostru web<\/p>\n<p>Datele sunt stocate \u0219i \u00een fi\u0219ierele jurnal ale sistemului nostru. Aceste date nu sunt stocate \u00eempreun\u0103 cu alte date personale ale utilizatorului.<\/p>\n<p><\/p>\n<h6>2. TEMEI LEGAL PENTRU PRELUCRAREA DATELOR<\/h6>\n<p>Temeiul legal pentru stocarea temporar\u0103 a datelor \u0219i a fi\u0219ierelor jurnal este articolul 6 alineatul (1) litera (f) GDPR.<\/p>\n<p><\/p>\n<h6>3. SCOPUL PRELUCR\u0102RII DATELOR<\/h6>\n<p>Stocarea temporar\u0103 a adresei IP de c\u0103tre sistem este necesar\u0103 pentru a permite livrarea site-ului web pe computerul utilizatorului. \u00cen acest scop, adresa IP a utilizatorului trebuie s\u0103 r\u0103m\u00e2n\u0103 stocat\u0103 pe toat\u0103 durata sesiunii.<\/p>\n<p>Interesul nostru legitim \u00een prelucrarea datelor \u00een conformitate cu articolul 6 alineatul (1) litera (f) GDPR const\u0103 \u0219i \u00een aceste scopuri.<\/p>\n<p><\/p>\n<h6>4. DURATA DEPOZITARE<\/h6>\n<p>Datele vor fi \u0219terse de \u00eendat\u0103 ce nu mai sunt necesare pentru atingerea scopului pentru care au fost colectate. In cazul colectarii de date pentru furnizarea site-ului, acesta este cazul cand sesiunea respectiva s-a incheiat.<\/p>\n<p>Dac\u0103 datele sunt stocate \u00een fi\u0219iere jurnal, acesta este cazul dup\u0103 cel t\u00e2rziu \u0219apte zile. Stocarea dincolo de aceasta este posibil\u0103. \u00cen acest caz, adresele IP ale utilizatorilor sunt \u0219terse sau \u00eenstr\u0103inate astfel \u00eenc\u00e2t nu mai este posibil\u0103 alocarea clientului apelant.<\/p>\n<p><\/p>\n<h6>5. DREPTUL LA OB\u021aIONARE \u0218I LA \u00ceNC\u0102L\u0102RARE<\/h6>\n<p>Colectarea datelor pentru furnizarea site-ului web \u0219i stocarea datelor \u00een fi\u0219iere jurnal este absolut necesar\u0103 pentru func\u021bionarea site-ului. \u00cen consecin\u021b\u0103, nu exist\u0103 nicio posibilitate de obiec\u021bie din partea utilizatorului.<\/p>\n<p><\/p>\n<h4>V. Utilizarea cookie-urilor<\/h4>\n<p><\/p>\n<h6>A) DESCRIEREA \u0218I SCOPUL PRELUCR\u0102RII DATELOR<\/h6>\n<p>Site-ul nostru web folose\u0219te cookie-uri. Cookie-urile sunt fi\u0219iere text care sunt stocate \u00een browserul de internet sau de browserul de internet pe sistemul informatic al utilizatorului. Dac\u0103 un utilizator apeleaz\u0103 un site web, un cookie poate fi stocat pe sistemul de operare al utilizatorului. Acest cookie con\u021bine un \u0219ir de caractere caracteristice care permite browserului s\u0103 fie identificat \u00een mod clar atunci c\u00e2nd site-ul este apelat din nou.<\/p>\n<p>Folosim cookie-uri pentru a face site-ul nostru mai u\u0219or de utilizat. Unele elemente ale site-ului nostru necesit\u0103 ca browserul care apeleaz\u0103 s\u0103 poat\u0103 fi identificat chiar \u0219i dup\u0103 schimbarea unei pagini.<\/p>\n<p>Urm\u0103toarele date sunt stocate \u0219i transmise \u00een cookie-uri:<\/p>\n<p>(1) Identificator de sesiune (perioada de stocare p\u00e2n\u0103 la sf\u00e2r\u0219itul sesiunii)<\/p>\n<p>(2) Notificare de stare cookie confirmat\u0103 (perioada de stocare 1 an)<\/p>\n<h6>B) TEMEI LEGAL PENTRU PRELUCRAREA DATELOR<\/h6>\n<p>Temeiul legal pentru prelucrarea datelor cu caracter personal folosind cookie-uri este articolul 6 alineatul (1) litera (f) GDPR.<\/p>\n<h6>C) SCOPUL PRELUCR\u0102RII DATELOR<\/h6>\n<p>Scopul utiliz\u0103rii cookie-urilor necesare din punct de vedere tehnic este de a simplifica utilizarea site-urilor web pentru utilizatori. Unele func\u021bii ale site-ului nostru web nu pot fi oferite f\u0103r\u0103 utilizarea cookie-urilor. Pentru acestea este necesar ca browserul s\u0103 fie recunoscut chiar \u0219i dup\u0103 schimbarea unei pagini.<\/p>\n<p>Avem nevoie de cookie-uri pentru urm\u0103toarele aplica\u021bii:<\/p>\n<p>(1)&nbsp; \u00dcbernahme der Stellenausschreibung bei Nutzung der Online-Bewerbung<\/p>\n<p>(2) Selectarea destinatarului la utilizarea formularului de contact<\/p>\n<p>Datele utilizatorului colectate de cookie-urile necesare din punct de vedere tehnic nu sunt folosite pentru a crea profiluri de utilizator.<\/p>\n<p>In diesen Zwecken liegt auch unser berechtigtes Interesse in der Verarbeitung der personenbezogenen Daten nach Art. 6 Abs. 1 lit. f DSGVO.<\/p>\n<p><\/p>\n<h6>E) DURATA DEPOZIT\u0102RII, POSIBILITATEA DE OBIEC\u021aIE \u0218I DE \u00ceNDEPARTARE<\/h6>\n<p>Cookie-urile sunt stocate pe computerul utilizatorului \u0219i transmise pe site-ul nostru. Prin urmare, ca utilizator, ave\u021bi \u0219i control deplin asupra utiliz\u0103rii cookie-urilor. Modific\u00e2nd set\u0103rile browserului dumneavoastr\u0103 de internet, pute\u021bi dezactiva sau restric\u021biona transmiterea cookie-urilor. Cookie-urile care au fost deja salvate pot fi \u0219terse \u00een orice moment. Acest lucru se poate face \u0219i automat. Dac\u0103 cookie-urile sunt dezactivate pentru site-ul nostru web, este posibil s\u0103 nu mai fie posibil\u0103 utilizarea tuturor func\u021biilor site-ului \u00een \u00eentregime.<\/p>\n<h4>VI. Formular de contact \u0219i contact prin e-mail<\/h4>\n<p><\/p>\n<h6>1. DESCRIEREA \u0218I SCOPUL PRELUCR\u0102RII DATELOR<\/h6>\n<p>Exist\u0103 un formular de contact pe site-ul nostru web care poate fi folosit pentru a ne contacta electronic. Dac\u0103 un utilizator profit\u0103 de aceast\u0103 op\u021biune, datele introduse \u00een masca de introducere ne vor fi transmise \u0219i salvate. Aceste date sunt:<\/p>\n<p>(1) Companie<\/p>\n<p>(2) Numele utilizatorului<\/p>\n<p>(3) Adresa de e-mail a utilizatorului<\/p>\n<p>(4) Textul mesajului<\/p>\n<p>Alternativ, ne pute\u021bi contacta prin adresa de e-mail furnizat\u0103. \u00cen acest caz, datele personale ale utilizatorului transmise cu e-mailul vor fi stocate.<\/p>\n<p>\u00cen acest context, datele nu vor fi transmise ter\u021bilor. Datele vor fi folosite doar pentru procesarea conversa\u021biei.<\/p>\n<p><\/p>\n<h6>2. TEMEI LEGAL PENTRU PRELUCRAREA DATELOR<\/h6>\n<p>Temeiul legal pentru prelucrarea datelor este articolul 6 alineatul (1) litera (a) GDPR dac\u0103 utilizatorul \u0219i-a dat consim\u021b\u0103m\u00e2ntul.<\/p>\n<p>Temeiul legal pentru prelucrarea datelor transmise \u00een timpul trimiterii unui e-mail este articolul 6 alineatul 1 lit. f GDPR. \u00cen cazul \u00een care contactul prin e-mail are ca scop \u00eencheierea unui contract, temeiul juridic suplimentar pentru prelucrare este Art. 6 (1) (b) GDPR.<\/p>\n<p><\/p>\n<h6>3. SCOPUL PRELUCR\u0102RII DATELOR<\/h6>\n<p>Prelucrarea datelor cu caracter personal din masca de introducere ne serve\u0219te doar la procesarea contactului. Dac\u0103 contactul se face prin e-mail, acesta este \u0219i interesul legitim necesar \u00een prelucrarea datelor.<\/p>\n<p>Celelalte date personale prelucrate \u00een timpul procesului de trimitere servesc pentru a preveni utilizarea gre\u0219it\u0103 a formularului de contact \u0219i pentru a asigura securitatea sistemelor noastre de tehnologie a informa\u021biei.<\/p>\n<p><\/p>\n<h6>4. DURATA DEPOZITARE<\/h6>\n<p>Datele vor fi \u0219terse de \u00eendat\u0103 ce nu mai sunt necesare pentru atingerea scopului pentru care au fost colectate. Pentru datele personale din masca de introducere a formularului de contact \u0219i cele trimise prin e-mail, acesta este cazul c\u00e2nd respectiva conversa\u021bie cu utilizatorul s-a \u00eencheiat. Conversa\u021bia s-a \u00eencheiat atunci c\u00e2nd din circumstan\u021be se poate deduce c\u0103 faptele \u00een cauz\u0103 au fost \u00een cele din urm\u0103 clarificate.<\/p>\n<p>Datele cu caracter personal suplimentare colectate \u00een timpul procesului de trimitere vor fi \u0219terse dup\u0103 o perioad\u0103 de cel mult \u0219apte zile.<\/p>\n<p><\/p>\n<h6>5. DREPTUL LA OB\u021aIONARE \u0218I LA \u00ceNC\u0102L\u0102RARE<\/h6>\n<p>Utilizatorul are op\u021biunea de a-\u0219i revoca \u00een orice moment consim\u021b\u0103m\u00e2ntul pentru prelucrarea datelor cu caracter personal. Dac\u0103 utilizatorul ne contacteaz\u0103 prin e-mail, acesta se poate opune \u00een orice moment la stocarea datelor sale personale. \u00centr-un astfel de caz, conversa\u021bia nu poate fi continuat\u0103.<\/p>\n<p>Pentru a revoca stocarea, v\u0103 rug\u0103m s\u0103 trimite\u021bi un e-mail responsabilului cu protec\u021bia datelor men\u021bionat mai sus<\/p>\n<p>Toate datele personale care au fost salvate \u00een timpul contactului vor fi \u0219terse \u00een acest caz.<\/p>\n<p><\/p>\n<h4>VII. Drepturile persoanei vizate<\/h4>\n<p>Dac\u0103 datele cu caracter personal sunt prelucrate de dvs., sunte\u021bi persoana vizat\u0103 \u00een sensul GDPR \u0219i ave\u021bi urm\u0103toarele drepturi fa\u021b\u0103 de persoana responsabil\u0103:<\/p>\n<p><\/p>\n<h6>1. DREPTUL LA INFORMARE<\/h6>\n<p>Pute\u021bi solicita confirmare de la persoana responsabil\u0103 cu privire la faptul dac\u0103 datele personale care v\u0103 privesc sunt prelucrate de noi.<\/p>\n<p>Dac\u0103 o astfel de prelucrare este prezent\u0103, pute\u021bi solicita informa\u021bii de la persoana responsabil\u0103 pentru urm\u0103toarele informa\u021bii:<\/p>\n<p>(1) scopurile pentru care sunt prelucrate datele cu caracter personal;<\/p>\n<p>(2) categoriile de date cu caracter personal care sunt prelucrate;<\/p>\n<p>(3) destinatarii sau categoriile de destinatari c\u0103rora datele dumneavoastr\u0103 cu caracter personal au fost sau vor fi dezv\u0103luite;<\/p>\n<p>(4) durata planificat\u0103 a stoc\u0103rii datelor cu caracter personal care v\u0103 privesc sau, \u00een cazul \u00een care nu sunt posibile informa\u021bii specifice \u00een acest sens, criteriile de determinare a duratei de stocare;<\/p>\n<p>(5) existen\u021ba unui drept la rectificarea sau \u0219tergerea datelor cu caracter personal care v\u0103 privesc, a unui drept la restric\u021bionarea prelucr\u0103rii de c\u0103tre persoana responsabil\u0103 sau a unui drept de a v\u0103 opune acestei prelucr\u0103ri;<\/p>\n<p>(6) existen\u021ba unui drept de recurs la o autoritate de supraveghere;<\/p>\n<p>(7) toate informa\u021biile disponibile despre originea datelor dac\u0103 datele cu caracter personal nu sunt colectate de la persoana vizat\u0103;<\/p>\n<p>(8) existen\u021ba procesului decizional automatizat, inclusiv crearea de profiluri \u00een conformitate cu Art. 22 (1) \u0219i (4) GDPR \u0219i - cel pu\u021bin \u00een aceste cazuri - informa\u021bii semnificative despre logica implicat\u0103 \u0219i sfera \u0219i efectele preconizate ale unei astfel de prelucr\u0103ri pentru persoana vizat\u0103.<\/p>\n<p>Ave\u021bi dreptul de a solicita informa\u021bii dac\u0103 datele dumneavoastr\u0103 cu caracter personal sunt transmise c\u0103tre o \u021bar\u0103 ter\u021b\u0103 sau c\u0103tre o organiza\u021bie interna\u021bional\u0103. \u00cen acest context, pute\u021bi solicita s\u0103 fi\u021bi informat cu privire la garan\u021biile corespunz\u0103toare conform Art. 46 GDPR \u00een leg\u0103tur\u0103 cu transmiterea.<\/p>\n<p><\/p>\n<h6>2. DREPTUL LA RECTIFICARE<\/h6>\n<p>Ave\u021bi dreptul la rectificare \u0219i\/sau completare c\u0103tre persoana responsabil\u0103 dac\u0103 datele personale prelucrate care v\u0103 privesc sunt incorecte sau incomplete. Persoana responsabil\u0103 trebuie s\u0103 fac\u0103 imediat corectarea.<\/p>\n<p><\/p>\n<h6>3. DREPTUL LA RESTRIC\u021aIA PRELUCR\u0102RII<\/h6>\n<p>\u00cen urm\u0103toarele condi\u021bii, pute\u021bi solicita restric\u021bionarea prelucr\u0103rii datelor dumneavoastr\u0103 cu caracter personal:<\/p>\n<p>1) \u00een cazul \u00een care contesta\u021bi exactitatea datelor cu caracter personal care v\u0103 privesc, pentru o perioad\u0103 care s\u0103 permit\u0103 persoanei responsabile s\u0103 verifice exactitatea datelor cu caracter personal;<\/p>\n<p>(2) prelucrarea este ilegal\u0103 \u0219i refuza\u021bi ca datele cu caracter personal s\u0103 fie \u0219terse \u0219i, \u00een schimb, solicita\u021bi restric\u021bionarea utiliz\u0103rii datelor cu caracter personal;<\/p>\n<p>(3) persoana responsabil\u0103 nu mai are nevoie de datele cu caracter personal \u00een scopul prelucr\u0103rii, dar ave\u021bi nevoie de ele pentru afirmarea, exercitarea sau ap\u0103rarea preten\u021biilor legale, sau<\/p>\n<p>(4) dac\u0103 a\u021bi formulat o obiec\u021bie la prelucrare \u00een conformitate cu Art. 21 (1) GDPR \u0219i nu este \u00eenc\u0103 sigur dac\u0103 motivele legitime ale persoanei responsabile dep\u0103\u0219esc motivele dumneavoastr\u0103.<\/p>\n<p>\u00cen cazul \u00een care prelucrarea datelor cu caracter personal care v\u0103 privesc a fost restric\u021bionat\u0103, aceste date - \u00een afar\u0103 de stocarea lor - pot fi utilizate numai cu consim\u021b\u0103m\u00e2ntul dumneavoastr\u0103 sau pentru a afirma, exercita sau ap\u0103ra preten\u021bii legale sau pentru a proteja drepturile unei alte persoane fizice sau juridice sau pentru sunt procesate motive de interes public important al Uniunii sau al unui stat membru.<\/p>\n<p>Dac\u0103 restric\u021bia de prelucrare a fost restric\u021bionat\u0103 conform condi\u021biilor de mai sus, ve\u021bi fi informat de c\u0103tre persoana responsabil\u0103 \u00eenainte de ridicarea restric\u021biei.<\/p>\n<p><\/p>\n<h6>4. DREPTUL LA \u0218TERGERE<\/h6>\n<p>a) Obliga\u021bia de \u0219tergere<\/p>\n<p>Pute\u021bi solicita persoanei responsabile s\u0103 \u0219tearg\u0103 imediat datele cu caracter personal care v\u0103 privesc, iar persoana responsabil\u0103 este obligat\u0103 s\u0103 \u0219tearg\u0103 imediat aceste date dac\u0103 se aplic\u0103 unul dintre urm\u0103toarele motive:<\/p>\n<p>(1) Datele cu caracter personal care v\u0103 privesc nu mai sunt necesare \u00een scopurile pentru care au fost colectate sau prelucrate \u00een alt mod.<\/p>\n<p>(2) V\u0103 revoca\u021bi consim\u021b\u0103m\u00e2ntul pe care s-a bazat prelucrarea \u00een conformitate cu articolul 6 alineatul (1) lit. a sau articolul 9 alineatul (2) lit. a GDPR \u0219i nu exist\u0103 niciun alt temei legal pentru prelucrare.<\/p>\n<p>3) V\u0103 opune\u021bi prelucr\u0103rii \u00een conformitate cu articolul 21 (1) GDPR \u0219i nu exist\u0103 motive legitime imperative pentru prelucrare sau v\u0103 opune\u021bi prelucr\u0103rii \u00een conformitate cu articolul 21 (2) GDPR.<\/p>\n<p>(4) Datele personale care v\u0103 privesc au fost prelucrate ilegal.<\/p>\n<p>5) \u0218tergerea datelor cu caracter personal care v\u0103 privesc este necesar\u0103 pentru \u00eendeplinirea unei obliga\u021bii legale \u00een temeiul dreptului Uniunii sau al legisla\u021biei statelor membre c\u0103rora le este supus persoana responsabil\u0103.<\/p>\n<p>(6) Datele cu caracter personal care v\u0103 privesc au fost colectate \u00een leg\u0103tur\u0103 cu serviciile societ\u0103\u021bii informa\u021bionale oferite \u00een conformitate cu articolul 8 alineatul (1) GDPR.<\/p>\n<p>b) Informa\u021bii c\u0103tre ter\u021bi<\/p>\n<p>\u00cen cazul \u00een care persoana responsabil\u0103 a f\u0103cut publice datele cu caracter personal care v\u0103 privesc \u0219i este obligat\u0103 s\u0103 le \u0219terg\u0103 \u00een conformitate cu articolul 17 alineatul (1) GDPR, aceasta va lua m\u0103surile adecvate, de asemenea, de natur\u0103 tehnic\u0103, pentru a proteja persoana responsabil\u0103 cu prelucrarea datelor, lu\u00e2nd \u021bin\u00e2nd cont de tehnologia disponibil\u0103 \u0219i de costurile de implementare, care prelucreaz\u0103 datele cu caracter personal, c\u0103 dvs., \u00een calitate de persoan\u0103 vizat\u0103, le-a\u021bi solicitat s\u0103 \u0219tearg\u0103 toate linkurile c\u0103tre aceste date personale sau copiile sau replic\u0103rile acestor date personale.<\/p>\n<p>c) Ausnahmen<\/p>\n<p>Das Recht auf L\u00f6schung besteht nicht, soweit die Verarbeitung erforderlich ist<\/p>\n<p>(1)&nbsp; zur Aus\u00fcbung des Rechts auf freie Meinungs\u00e4u\u00dferung und Information;<\/p>\n<p>(2)&nbsp; zur Erf\u00fcllung einer rechtlichen Verpflichtung, die die Verarbeitung nach dem Recht der Union oder der Mitgliedstaaten, dem der Verantwortliche unterliegt, erfordert, oder zur Wahrnehmung einer Aufgabe, die im \u00f6ffentlichen Interesse liegt oder in Aus\u00fcbung \u00f6ffentlicher Gewalt erfolgt, die dem Verantwortlichen \u00fcbertragen wurde;<\/p>\n<p>(3)&nbsp; aus Gr\u00fcnden des \u00f6ffentlichen Interesses im Bereich der \u00f6ffentlichen Gesundheit gem\u00e4\u00df Art. 9 Abs. 2 lit. h und i sowie Art. 9 Abs. 3 DSGVO;<\/p>\n<p>(4)&nbsp; f\u00fcr im \u00f6ffentlichen Interesse liegende Archivzwecke, wissenschaftliche oder historische Forschungszwecke oder f\u00fcr statistische Zwecke gem. Art. 89 Abs. 1 DSGVO, soweit das unter Abschnitt a) genannte Recht voraussichtlich die Verwirklichung der Ziele dieser Verarbeitung unm\u00f6glich macht oder ernsthaft beeintr\u00e4chtigt, oder<\/p>\n<p>(5)&nbsp; zur Geltendmachung, Aus\u00fcbung oder Verteidigung von Rechtsanspr\u00fcchen.<\/p>\n<p><\/p>\n<h6>5.&nbsp;&nbsp;&nbsp;&nbsp;&nbsp; RECHT AUF UNTERRICHTUNG<\/h6>\n<p>Haben Sie das Recht auf Berichtigung, L\u00f6schung oder Einschr\u00e4nkung der Verarbeitung gegen\u00fcber dem Verantwortlichen geltend gemacht, ist dieser verpflichtet, allen Empf\u00e4ngern, denen die Sie betreffenden personenbezogenen Daten offengelegt wurden, diese Berichtigung oder L\u00f6schung der Daten oder Einschr\u00e4nkung der Verarbeitung mitzuteilen, es sei denn, dies erweist sich als unm\u00f6glich oder ist mit einem unverh\u00e4ltnism\u00e4\u00dfigen Aufwand verbunden.<\/p>\n<p>Ihnen steht gegen\u00fcber dem Verantwortlichen das Recht zu, \u00fcber diese Empf\u00e4nger unterrichtet zu werden.<\/p>\n<p><\/p>\n<h6>6.&nbsp;&nbsp;&nbsp;&nbsp;&nbsp; RECHT AUF DATEN\u00dcBERTRAGBARKEIT<\/h6>\n<p>Sie haben das Recht, die Sie betreffenden personenbezogenen Daten, die Sie dem Verantwortlichen bereitgestellt haben, in einem strukturierten, g\u00e4ngigen und maschinenlesbaren Format zu erhalten. Au\u00dferdem haben Sie das Recht diese Daten einem anderen Verantwortlichen ohne Behinderung durch den Verantwortlichen, dem die personenbezogenen Daten bereitgestellt wurden, zu \u00fcbermitteln, sofern<\/p>\n<p>(1)&nbsp; die Verarbeitung auf einer Einwilligung gem. Art. 6 Abs. 1 lit. a DSGVO oder Art. 9 Abs. 2 lit. a DSGVO oder auf einem Vertrag gem. Art. 6 Abs. 1 lit. b DSGVO beruht und<\/p>\n<p>(2)&nbsp; die Verarbeitung mithilfe automatisierter Verfahren erfolgt.<\/p>\n<p>In Aus\u00fcbung dieses Rechts haben Sie ferner das Recht, zu erwirken, dass die Sie betreffenden personenbezogenen Daten direkt von einem Verantwortlichen einem anderen Verantwortlichen \u00fcbermittelt werden, soweit dies technisch machbar ist. Freiheiten und Rechte anderer Personen d\u00fcrfen hierdurch nicht beeintr\u00e4chtigt werden.<\/p>\n<p>Das Recht auf Daten\u00fcbertragbarkeit gilt nicht f\u00fcr eine Verarbeitung personenbezogener Daten, die f\u00fcr die Wahrnehmung einer Aufgabe erforderlich ist, die im \u00f6ffentlichen Interesse liegt oder in Aus\u00fcbung \u00f6ffentlicher Gewalt erfolgt, die dem Verantwortlichen \u00fcbertragen wurde.<\/p>\n<p><\/p>\n<h6>7.&nbsp;&nbsp;&nbsp;&nbsp;&nbsp; WIDERSPRUCHSRECHT<\/h6>\n<p>Sie haben das Recht, aus Gr\u00fcnden, die sich aus ihrer besonderen Situation ergeben, jederzeit gegen die Verarbeitung der Sie betreffenden personenbezogenen Daten, die aufgrund von Art. 6 Abs. 1 lit. e oder f DSGVO erfolgt, Widerspruch einzulegen.<\/p>\n<p>Der Verantwortliche verarbeitet die Sie betreffenden personenbezogenen Daten nicht mehr, es sei denn, er kann zwingende schutzw\u00fcrdige Gr\u00fcnde f\u00fcr die Verarbeitung nachweisen, die Ihre Interessen, Rechte und Freiheiten \u00fcberwiegen, oder die Verarbeitung dient der Geltendmachung, Aus\u00fcbung oder Verteidigung von Rechtsanspr\u00fcchen.<\/p>\n<p>Werden die Sie betreffenden personenbezogenen Daten verarbeitet, um Direktwerbung zu betreiben, haben Sie das Recht, jederzeit Widerspruch gegen die Verarbeitung der Sie betreffenden personenbezogenen Daten zum Zwecke derartiger Werbung einzulegen.<\/p>\n<p>Widersprechen Sie der Verarbeitung f\u00fcr Zwecke der Direktwerbung, so werden die Sie betreffenden personenbezogenen Daten nicht mehr f\u00fcr diese Zwecke verarbeitet.<\/p>\n<p>Sie haben die M\u00f6glichkeit, im Zusammenhang mit der Nutzung von Diensten der Informationsgesellschaft \u2013 ungeachtet der Richtlinie 2002\/58\/EG \u2013 Ihr Widerspruchsrecht mittels automatisierter Verfahren auszu\u00fcben, bei denen technische Spezifikationen verwendet werden.<\/p>\n<p><\/p>\n<h6>8.&nbsp;&nbsp;&nbsp;&nbsp;&nbsp; RECHT AUF WIDERRUF DER DATENSCHUTZRECHTLICHEN EINWILLIGUNGSERKL\u00c4RUNG<\/h6>\n<p>Sie haben das Recht, Ihre datenschutzrechtliche Einwilligungserkl\u00e4rung jederzeit zu widerrufen. Durch den Widerruf der Einwilligung wird die Rechtm\u00e4\u00dfigkeit der aufgrund der Einwilligung bis zum Widerruf erfolgten Verarbeitung nicht ber\u00fchrt.<\/p>\n<p><\/p>\n<h6>9.&nbsp;&nbsp;&nbsp;&nbsp;&nbsp; RECHT AUF BESCHWERDE BEI EINER AUFSICHTSBEH\u00d6RDE<\/h6>\n<p>Unbeschadet eines anderweitigen verwaltungsrechtlichen oder gerichtlichen Rechtsbehelfs steht Ihnen das Recht auf Beschwerde bei einer Aufsichtsbeh\u00f6rde, insbesondere in dem Mitgliedstaat ihres Aufenthaltsorts, ihres Arbeitsplatzes oder des Orts des mutma\u00dflichen Versto\u00dfes, zu, wenn Sie der Ansicht sind, dass die Verarbeitung der Sie betreffenden personenbezogenen Daten gegen die DSGVO verst\u00f6\u00dft.<\/p>\n<p>Die Aufsichtsbeh\u00f6rde, bei der die Beschwerde eingereicht wurde, unterrichtet den Beschwerdef\u00fchrer \u00fcber den Stand und die Ergebnisse der Beschwerde einschlie\u00dflich der M\u00f6glichkeit eines gerichtlichen Rechtsbehelfs nach Art. 78 DSGVO.<\/p>\n<\/div>\n<\/div>\n<\/div>\n<\/div>\n<\/div>\n<div>\n<div>\n<div>\n<div>\n<div>\n<div>\n<h2>Disclaimer<\/h2>\n<div>&nbsp;<\/div>\n<div>\n<p>Oferta noastr\u0103 con\u021bine link-uri c\u0103tre site-uri web externe ale ter\u021bilor, asupra c\u0103rora nu avem nicio influen\u021b\u0103 asupra con\u021binutului. Prin urmare, nu ne putem asuma nicio r\u0103spundere pentru acest con\u021binut extern. Furnizorul sau operatorul respectiv al paginilor este \u00eentotdeauna responsabil pentru con\u021binutul paginilor legate. Paginile conectate au fost verificate pentru posibile \u00eenc\u0103lc\u0103ri legale la momentul conect\u0103rii. Con\u021binutul ilegal nu era recunoscut \u00een momentul conect\u0103rii. Cu toate acestea, un control permanent al con\u021binutului paginilor conectate nu este rezonabil f\u0103r\u0103 dovezi concrete ale unei \u00eenc\u0103lc\u0103ri. De \u00eendat\u0103 ce vom afla \u00eenc\u0103lc\u0103rile legale, vom elimina imediat astfel de leg\u0103turi.<\/p>\n<p><br><\/p>\n<\/div>\n<\/div>\n<\/div>\n<\/div>\n<\/div>\n<\/div>\n<\/div>\t\t\t\t\t\t<\/div>\n\t\t\t\t<\/div>\n\t\t\t\t<div class=\"elementor-element elementor-element-6b6cfb1 elementor-widget elementor-widget-text-editor\" data-id=\"6b6cfb1\" data-element_type=\"widget\" data-widget_type=\"text-editor.default\">\n\t\t\t\t<div class=\"elementor-widget-container\">\n\t\t\t\t\t\t\t\t\t\t\t\t\t<\/div>\n\t\t\t\t<\/div>\n\t\t\t\t\t<\/div>\n\t\t<\/div>\n\t\t\t\t\t\t\t<\/div>\n\t\t<\/section>\n\t\t\t\t\t\t\t<\/div>","protected":false},"excerpt":{"rendered":"<p>I.&nbsp;&nbsp;&nbsp;&nbsp;&nbsp;&nbsp;&nbsp; Name und Anschrift des Verantwortlichen Der Verantwortliche im Sinne der Datenschutz-Grundverordnung und anderer nationaler Datenschutzgesetze der Mitgliedsstaaten sowie sonstiger datenschutzrechtlicher Bestimmungen ist die: D-Mark Industrieservice SRL Soseau.Fundeni, Nr. 159, Et.8, Ap. 8 A, Sector 2,&nbsp; Bucuresti, Romania Tel.: +4073934794 II.&nbsp;&nbsp;&nbsp;&nbsp;&nbsp; Name und Anschrift des Datenschutzbeauftragten Der Datenschutzbeauftragte des Verantwortlichen ist: D-Mark Industrieservice SRL Soseau.Fundeni,&hellip; <br \/> <a class=\"read-more\" href=\"https:\/\/d-mark-industrieservice.com\/ro\/datenschutz\/\">Cite\u0219te mai mult<\/a><\/p>","protected":false},"author":1,"featured_media":0,"parent":0,"menu_order":0,"comment_status":"closed","ping_status":"closed","template":"","meta":{"footnotes":""},"class_list":["post-171","page","type-page","status-publish","hentry"],"_links":{"self":[{"href":"https:\/\/d-mark-industrieservice.com\/ro\/wp-json\/wp\/v2\/pages\/171","targetHints":{"allow":["GET"]}}],"collection":[{"href":"https:\/\/d-mark-industrieservice.com\/ro\/wp-json\/wp\/v2\/pages"}],"about":[{"href":"https:\/\/d-mark-industrieservice.com\/ro\/wp-json\/wp\/v2\/types\/page"}],"author":[{"embeddable":true,"href":"https:\/\/d-mark-industrieservice.com\/ro\/wp-json\/wp\/v2\/users\/1"}],"replies":[{"embeddable":true,"href":"https:\/\/d-mark-industrieservice.com\/ro\/wp-json\/wp\/v2\/comments?post=171"}],"version-history":[{"count":7,"href":"https:\/\/d-mark-industrieservice.com\/ro\/wp-json\/wp\/v2\/pages\/171\/revisions"}],"predecessor-version":[{"id":199,"href":"https:\/\/d-mark-industrieservice.com\/ro\/wp-json\/wp\/v2\/pages\/171\/revisions\/199"}],"wp:attachment":[{"href":"https:\/\/d-mark-industrieservice.com\/ro\/wp-json\/wp\/v2\/media?parent=171"}],"curies":[{"name":"wp","href":"https:\/\/api.w.org\/{rel}","templated":true}]}}